{"id":1063871,"date":"2026-07-23T14:14:03","date_gmt":"2026-07-23T14:14:03","guid":{"rendered":"https:\/\/www.ufp.pt\/?page_id=1063871"},"modified":"2026-09-02T14:08:19","modified_gmt":"2026-09-02T14:08:19","slug":"masters-dissertation-defenses","status":"publish","type":"page","link":"https:\/\/www.ufp.pt\/en\/defesas-de-dissertacao-de-mestrado\/","title":{"rendered":"Master's thesis defences"},"content":{"rendered":"\t\t<div data-elementor-type=\"wp-page\" data-elementor-id=\"1063871\" class=\"elementor elementor-1063871\" data-elementor-post-type=\"page\">\n\t\t\t\t<div class=\"elementor-element elementor-element-7e721398 animated-slow elementor-hidden-mobile elementor-hidden-tablet e-flex e-con-boxed elementor-invisible e-con e-parent\" data-id=\"7e721398\" data-element_type=\"container\" data-e-type=\"container\" data-settings=\"{&quot;background_background&quot;:&quot;classic&quot;,&quot;sticky&quot;:&quot;top&quot;,&quot;sticky_offset&quot;:47,&quot;sticky_offset_tablet&quot;:85,&quot;sticky_offset_mobile&quot;:70,&quot;animation&quot;:&quot;fadeIn&quot;,&quot;sticky_on&quot;:[&quot;desktop&quot;,&quot;tablet&quot;,&quot;mobile&quot;],&quot;sticky_effects_offset&quot;:0,&quot;sticky_anchor_link_offset&quot;:0}\">\n\t\t\t\t\t<div class=\"e-con-inner\">\n\t\t\t\t<div class=\"elementor-element elementor-element-75c9cfe5 elementor-widget elementor-widget-breadcrumbs\" data-id=\"75c9cfe5\" data-element_type=\"widget\" data-e-type=\"widget\" data-widget_type=\"breadcrumbs.default\">\n\t\t\t\t\t<p id=\"breadcrumbs\"><span><span><a href=\"https:\/\/www.ufp.pt\/\">UFP<\/a><\/span><\/span><\/p>\t\t\t\t<\/div>\n\t\t\t\t\t<\/div>\n\t\t\t\t<\/div>\n\t\t<div class=\"elementor-element elementor-element-3217c66b animated-fast e-flex e-con-boxed elementor-invisible e-con e-parent\" data-id=\"3217c66b\" data-element_type=\"container\" data-e-type=\"container\" data-settings=\"{&quot;background_background&quot;:&quot;classic&quot;,&quot;animation_mobile&quot;:&quot;fadeIn&quot;,&quot;animation&quot;:&quot;fadeInUp&quot;}\">\n\t\t\t\t\t<div class=\"e-con-inner\">\n\t\t\t\t<div class=\"elementor-element elementor-element-12b920ee elementor-invisible elementor-widget elementor-widget-heading\" data-id=\"12b920ee\" data-element_type=\"widget\" data-e-type=\"widget\" data-settings=\"{&quot;_animation&quot;:&quot;fadeIn&quot;,&quot;_animation_tablet&quot;:&quot;none&quot;,&quot;_animation_mobile&quot;:&quot;none&quot;,&quot;_animation_delay&quot;:100}\" data-widget_type=\"heading.default\">\n\t\t\t\t\t<h2 class=\"elementor-heading-title elementor-size-default\">DEFESAS DE DISSERTA\u00c7\u00c3O DE MESTRADO<\/h2>\t\t\t\t<\/div>\n\t\t\t\t<div class=\"elementor-element elementor-element-288d94ea elementor-widget-divider--view-line elementor-widget elementor-widget-divider\" data-id=\"288d94ea\" data-element_type=\"widget\" data-e-type=\"widget\" data-widget_type=\"divider.default\">\n\t\t\t\t\t\t\t<div class=\"elementor-divider\">\n\t\t\t<span class=\"elementor-divider-separator\">\n\t\t\t\t\t\t<\/span>\n\t\t<\/div>\n\t\t\t\t\t\t<\/div>\n\t\t\t\t\t<\/div>\n\t\t\t\t<\/div>\n\t\t<div class=\"elementor-element elementor-element-504759fe animated-fast e-flex e-con-boxed elementor-invisible e-con e-child\" data-id=\"504759fe\" data-element_type=\"container\" data-e-type=\"container\" data-settings=\"{&quot;background_background&quot;:&quot;classic&quot;,&quot;animation&quot;:&quot;fadeIn&quot;}\">\n\t\t\t\t\t<div class=\"e-con-inner\">\n\t\t<div class=\"elementor-element elementor-element-3c1339d4 e-con-full e-flex e-con e-child\" data-id=\"3c1339d4\" data-element_type=\"container\" data-e-type=\"container\">\n\t\t<div class=\"elementor-element elementor-element-7707075 e-con-full e-flex elementor-invisible e-con e-child\" data-id=\"7707075\" data-element_type=\"container\" data-e-type=\"container\" data-settings=\"{&quot;background_background&quot;:&quot;classic&quot;,&quot;animation&quot;:&quot;fadeIn&quot;}\">\n\t\t<div class=\"elementor-element elementor-element-2a89e9b e-con-full e-flex elementor-invisible e-con e-child\" data-id=\"2a89e9b\" data-element_type=\"container\" data-e-type=\"container\" data-settings=\"{&quot;background_background&quot;:&quot;classic&quot;,&quot;animation&quot;:&quot;fadeIn&quot;}\">\n\t\t\t\t<div class=\"elementor-element elementor-element-e3270b2 elementor-widget elementor-widget-text-editor\" data-id=\"e3270b2\" data-element_type=\"widget\" data-e-type=\"widget\" data-widget_type=\"text-editor.default\">\n\t\t\t\t\t\t\t\t\t<div>Jos\u00e9 Ribamar de Lima J\u00fanior<br \/><strong>Ci\u00eancias da Educa\u00e7\u00e3o: Educa\u00e7\u00e3o Inclusiva (Dom\u00ednio Cognitivo e Motor)<\/strong><br \/>28 SET. 2026 \u2022 15:00 \u2022\u00a0Sala Fernando Pessoa<\/div><div>\u00a0<\/div>\t\t\t\t\t\t\t\t<\/div>\n\t\t\t\t<\/div>\n\t\t<div class=\"elementor-element elementor-element-9b8cd83 e-con-full e-flex elementor-invisible e-con e-child\" data-id=\"9b8cd83\" data-element_type=\"container\" data-e-type=\"container\" data-settings=\"{&quot;background_background&quot;:&quot;classic&quot;,&quot;animation&quot;:&quot;fadeIn&quot;}\">\n\t\t\t\t<div class=\"elementor-element elementor-element-4db26b3 elementor-position-left elementor-position-left elementor-vertical-align-middle elementor-vertical-align-middle elementor-widget__width-auto elementor-widget-tablet__width-auto elementor-widget elementor-widget-image-box\" data-id=\"4db26b3\" data-element_type=\"widget\" data-e-type=\"widget\" data-widget_type=\"image-box.default\">\n\t\t\t\t\t<div class=\"elementor-image-box-wrapper\"><figure class=\"elementor-image-box-img\"><a href=\"https:\/\/www.ufp.pt\/wp-content\/uploads\/2026\/08\/Jose-Ribamar-de-Lima-Junior.pdf\" target=\"_blank\" tabindex=\"-1\"><img decoding=\"async\" width=\"100\" height=\"100\" src=\"https:\/\/www.ufp.pt\/wp-content\/uploads\/2026\/07\/icone_pdf_500px-e1784021789767.png\" class=\"attachment-full size-full wp-image-1062511\" alt=\"\" \/><\/a><\/figure><div class=\"elementor-image-box-content\"><div class=\"elementor-image-box-title\"><a href=\"https:\/\/www.ufp.pt\/wp-content\/uploads\/2026\/08\/Jose-Ribamar-de-Lima-Junior.pdf\" target=\"_blank\">CONSULTE<br>O <strong>EDITAL<\/strong><\/a><\/div><\/div><\/div>\t\t\t\t<\/div>\n\t\t\t\t<\/div>\n\t\t\t\t<\/div>\n\t\t<div class=\"elementor-element elementor-element-fba7f5e e-con-full e-flex elementor-invisible e-con e-child\" data-id=\"fba7f5e\" data-element_type=\"container\" data-e-type=\"container\" data-settings=\"{&quot;background_background&quot;:&quot;classic&quot;,&quot;animation&quot;:&quot;fadeIn&quot;}\">\n\t\t<div class=\"elementor-element elementor-element-7c979d4 e-con-full e-flex elementor-invisible e-con e-child\" data-id=\"7c979d4\" data-element_type=\"container\" data-e-type=\"container\" data-settings=\"{&quot;background_background&quot;:&quot;classic&quot;,&quot;animation&quot;:&quot;fadeIn&quot;}\">\n\t\t\t\t<div class=\"elementor-element elementor-element-77789e2 elementor-widget elementor-widget-text-editor\" data-id=\"77789e2\" data-element_type=\"widget\" data-e-type=\"widget\" data-widget_type=\"text-editor.default\">\n\t\t\t\t\t\t\t\t\t<div>Lorena\u00a0Sab\u00e1 Fonseca Domingos<br \/><strong>Ci\u00eancias da Educa\u00e7\u00e3o: Educa\u00e7\u00e3o Inclusiva (Dom\u00ednio Cognitivo e Motor)<\/strong><br \/>28 SET. 2026 \u2022 14:00 \u2022\u00a0Sala Fernando Pessoa<\/div><div>\u00a0<\/div>\t\t\t\t\t\t\t\t<\/div>\n\t\t\t\t<\/div>\n\t\t<div class=\"elementor-element elementor-element-6793dcc e-con-full e-flex elementor-invisible e-con e-child\" data-id=\"6793dcc\" data-element_type=\"container\" data-e-type=\"container\" data-settings=\"{&quot;background_background&quot;:&quot;classic&quot;,&quot;animation&quot;:&quot;fadeIn&quot;}\">\n\t\t\t\t<div class=\"elementor-element elementor-element-ea7c263 elementor-position-left elementor-position-left elementor-vertical-align-middle elementor-vertical-align-middle elementor-widget__width-auto elementor-widget-tablet__width-auto elementor-widget elementor-widget-image-box\" data-id=\"ea7c263\" data-element_type=\"widget\" data-e-type=\"widget\" data-widget_type=\"image-box.default\">\n\t\t\t\t\t<div class=\"elementor-image-box-wrapper\"><figure class=\"elementor-image-box-img\"><a href=\"https:\/\/www.ufp.pt\/wp-content\/uploads\/2026\/08\/Lorena-Saba-Fonseca-Domingos.pdf\" target=\"_blank\" tabindex=\"-1\"><img decoding=\"async\" width=\"100\" height=\"100\" src=\"https:\/\/www.ufp.pt\/wp-content\/uploads\/2026\/07\/icone_pdf_500px-e1784021789767.png\" class=\"attachment-full size-full wp-image-1062511\" alt=\"\" \/><\/a><\/figure><div class=\"elementor-image-box-content\"><div class=\"elementor-image-box-title\"><a href=\"https:\/\/www.ufp.pt\/wp-content\/uploads\/2026\/08\/Lorena-Saba-Fonseca-Domingos.pdf\" target=\"_blank\">CONSULTE<br>O <strong>EDITAL<\/strong><\/a><\/div><\/div><\/div>\t\t\t\t<\/div>\n\t\t\t\t<\/div>\n\t\t\t\t<\/div>\n\t\t<div class=\"elementor-element elementor-element-f5d6e24 e-con-full e-flex elementor-invisible e-con e-child\" data-id=\"f5d6e24\" data-element_type=\"container\" data-e-type=\"container\" data-settings=\"{&quot;background_background&quot;:&quot;classic&quot;,&quot;animation&quot;:&quot;fadeIn&quot;}\">\n\t\t<div class=\"elementor-element elementor-element-0661378 e-con-full e-flex elementor-invisible e-con e-child\" data-id=\"0661378\" data-element_type=\"container\" data-e-type=\"container\" data-settings=\"{&quot;background_background&quot;:&quot;classic&quot;,&quot;animation&quot;:&quot;fadeIn&quot;}\">\n\t\t\t\t<div class=\"elementor-element elementor-element-dfafb3f elementor-widget elementor-widget-text-editor\" data-id=\"dfafb3f\" data-element_type=\"widget\" data-e-type=\"widget\" data-widget_type=\"text-editor.default\">\n\t\t\t\t\t\t\t\t\t<div>Jo\u00e3o Francisco Martinho Peixoto<br \/><strong>Medicina Dent\u00e1ria<\/strong><br \/>9 SET. 2026 \u2022 14:00 \u2022 Sala 0.1 da Faculdade de Ci\u00eancias da Sa\u00fade<\/div><div>\u00a0<\/div>\t\t\t\t\t\t\t\t<\/div>\n\t\t\t\t<\/div>\n\t\t<div class=\"elementor-element elementor-element-182955d e-con-full e-flex elementor-invisible e-con e-child\" data-id=\"182955d\" data-element_type=\"container\" data-e-type=\"container\" data-settings=\"{&quot;background_background&quot;:&quot;classic&quot;,&quot;animation&quot;:&quot;fadeIn&quot;}\">\n\t\t\t\t<div class=\"elementor-element elementor-element-4a0e487 elementor-position-left elementor-position-left elementor-vertical-align-middle elementor-vertical-align-middle elementor-widget__width-auto elementor-widget-tablet__width-auto elementor-widget elementor-widget-image-box\" data-id=\"4a0e487\" data-element_type=\"widget\" data-e-type=\"widget\" data-widget_type=\"image-box.default\">\n\t\t\t\t\t<div class=\"elementor-image-box-wrapper\"><figure class=\"elementor-image-box-img\"><a href=\"https:\/\/www.ufp.pt\/wp-content\/uploads\/2026\/08\/Edital-Joao-Francisco-Martinho-Peixoto.pdf\" target=\"_blank\" tabindex=\"-1\"><img decoding=\"async\" width=\"100\" height=\"100\" src=\"https:\/\/www.ufp.pt\/wp-content\/uploads\/2026\/07\/icone_pdf_500px-e1784021789767.png\" class=\"attachment-full size-full wp-image-1062511\" alt=\"\" \/><\/a><\/figure><div class=\"elementor-image-box-content\"><div class=\"elementor-image-box-title\"><a href=\"https:\/\/www.ufp.pt\/wp-content\/uploads\/2026\/08\/Edital-Joao-Francisco-Martinho-Peixoto.pdf\" target=\"_blank\">CONSULTE<br>O <strong>EDITAL<\/strong><\/a><\/div><\/div><\/div>\t\t\t\t<\/div>\n\t\t\t\t<\/div>\n\t\t\t\t<\/div>\n\t\t<div class=\"elementor-element elementor-element-8787c62 e-con-full e-flex elementor-invisible e-con e-child\" data-id=\"8787c62\" data-element_type=\"container\" data-e-type=\"container\" data-settings=\"{&quot;background_background&quot;:&quot;classic&quot;,&quot;animation&quot;:&quot;fadeIn&quot;}\">\n\t\t<div class=\"elementor-element elementor-element-1ff5728 e-con-full e-flex elementor-invisible e-con e-child\" data-id=\"1ff5728\" data-element_type=\"container\" data-e-type=\"container\" data-settings=\"{&quot;background_background&quot;:&quot;classic&quot;,&quot;animation&quot;:&quot;fadeIn&quot;}\">\n\t\t\t\t<div class=\"elementor-element elementor-element-8837f7b elementor-widget elementor-widget-text-editor\" data-id=\"8837f7b\" data-element_type=\"widget\" data-e-type=\"widget\" data-widget_type=\"text-editor.default\">\n\t\t\t\t\t\t\t\t\t<div>Lexane Bahia Hasni<br \/><strong>Medicina Dent\u00e1ria<\/strong><br \/>9 SET. 2026 \u2022 11:00 \u2022 Sala 3.D da Faculdade de Ci\u00eancias da Sa\u00fade<\/div><div>\u00a0<\/div>\t\t\t\t\t\t\t\t<\/div>\n\t\t\t\t<\/div>\n\t\t<div class=\"elementor-element elementor-element-250b378 e-con-full e-flex elementor-invisible e-con e-child\" data-id=\"250b378\" data-element_type=\"container\" data-e-type=\"container\" data-settings=\"{&quot;background_background&quot;:&quot;classic&quot;,&quot;animation&quot;:&quot;fadeIn&quot;}\">\n\t\t\t\t<div class=\"elementor-element elementor-element-9a25c6d elementor-position-left elementor-position-left elementor-vertical-align-middle elementor-vertical-align-middle elementor-widget__width-auto elementor-widget-tablet__width-auto elementor-widget elementor-widget-image-box\" data-id=\"9a25c6d\" data-element_type=\"widget\" data-e-type=\"widget\" data-widget_type=\"image-box.default\">\n\t\t\t\t\t<div class=\"elementor-image-box-wrapper\"><figure class=\"elementor-image-box-img\"><a href=\"https:\/\/www.ufp.pt\/wp-content\/uploads\/2026\/09\/Edital-Lexane-Bahia-Hasni.pdf\" target=\"_blank\" tabindex=\"-1\"><img decoding=\"async\" width=\"100\" height=\"100\" src=\"https:\/\/www.ufp.pt\/wp-content\/uploads\/2026\/07\/icone_pdf_500px-e1784021789767.png\" class=\"attachment-full size-full wp-image-1062511\" alt=\"\" \/><\/a><\/figure><div class=\"elementor-image-box-content\"><div class=\"elementor-image-box-title\"><a href=\"https:\/\/www.ufp.pt\/wp-content\/uploads\/2026\/09\/Edital-Lexane-Bahia-Hasni.pdf\" target=\"_blank\">CONSULTE<br>O <strong>EDITAL<\/strong><\/a><\/div><\/div><\/div>\t\t\t\t<\/div>\n\t\t\t\t<\/div>\n\t\t\t\t<\/div>\n\t\t<div class=\"elementor-element elementor-element-4608e0a e-con-full e-flex elementor-invisible e-con e-child\" data-id=\"4608e0a\" data-element_type=\"container\" data-e-type=\"container\" data-settings=\"{&quot;background_background&quot;:&quot;classic&quot;,&quot;animation&quot;:&quot;fadeIn&quot;}\">\n\t\t<div class=\"elementor-element elementor-element-958eeb4 e-con-full e-flex elementor-invisible e-con e-child\" data-id=\"958eeb4\" data-element_type=\"container\" data-e-type=\"container\" data-settings=\"{&quot;background_background&quot;:&quot;classic&quot;,&quot;animation&quot;:&quot;fadeIn&quot;}\">\n\t\t\t\t<div class=\"elementor-element elementor-element-f70fe02 elementor-widget elementor-widget-text-editor\" data-id=\"f70fe02\" data-element_type=\"widget\" data-e-type=\"widget\" data-widget_type=\"text-editor.default\">\n\t\t\t\t\t\t\t\t\t<div>Claudio Murtas<br \/><strong>Medicina Dent\u00e1ria<\/strong><br \/>9 SET. 2026 \u2022 09:00 \u2022 Sala 0.1 da Faculdade de Ci\u00eancias da Sa\u00fade<\/div><div>\u00a0<\/div>\t\t\t\t\t\t\t\t<\/div>\n\t\t\t\t<\/div>\n\t\t<div class=\"elementor-element elementor-element-0a67aa0 e-con-full e-flex elementor-invisible e-con e-child\" data-id=\"0a67aa0\" data-element_type=\"container\" data-e-type=\"container\" data-settings=\"{&quot;background_background&quot;:&quot;classic&quot;,&quot;animation&quot;:&quot;fadeIn&quot;}\">\n\t\t\t\t<div class=\"elementor-element elementor-element-230ad05 elementor-position-left elementor-position-left elementor-vertical-align-middle elementor-vertical-align-middle elementor-widget__width-auto elementor-widget-tablet__width-auto elementor-widget elementor-widget-image-box\" data-id=\"230ad05\" data-element_type=\"widget\" data-e-type=\"widget\" data-widget_type=\"image-box.default\">\n\t\t\t\t\t<div class=\"elementor-image-box-wrapper\"><figure class=\"elementor-image-box-img\"><a href=\"https:\/\/www.ufp.pt\/wp-content\/uploads\/2026\/08\/Edital-Claudio-Murtas.pdf\" target=\"_blank\" tabindex=\"-1\"><img decoding=\"async\" width=\"100\" height=\"100\" src=\"https:\/\/www.ufp.pt\/wp-content\/uploads\/2026\/07\/icone_pdf_500px-e1784021789767.png\" class=\"attachment-full size-full wp-image-1062511\" alt=\"\" \/><\/a><\/figure><div class=\"elementor-image-box-content\"><div class=\"elementor-image-box-title\"><a href=\"https:\/\/www.ufp.pt\/wp-content\/uploads\/2026\/08\/Edital-Claudio-Murtas.pdf\" target=\"_blank\">CONSULTE<br>O <strong>EDITAL<\/strong><\/a><\/div><\/div><\/div>\t\t\t\t<\/div>\n\t\t\t\t<\/div>\n\t\t\t\t<\/div>\n\t\t<div class=\"elementor-element elementor-element-87797aa e-con-full e-flex elementor-invisible e-con e-child\" data-id=\"87797aa\" data-element_type=\"container\" data-e-type=\"container\" data-settings=\"{&quot;background_background&quot;:&quot;classic&quot;,&quot;animation&quot;:&quot;fadeIn&quot;}\">\n\t\t<div class=\"elementor-element elementor-element-0d363a3 e-con-full e-flex elementor-invisible e-con e-child\" data-id=\"0d363a3\" data-element_type=\"container\" data-e-type=\"container\" data-settings=\"{&quot;background_background&quot;:&quot;classic&quot;,&quot;animation&quot;:&quot;fadeIn&quot;}\">\n\t\t\t\t<div class=\"elementor-element elementor-element-35407a2 elementor-widget elementor-widget-text-editor\" data-id=\"35407a2\" data-element_type=\"widget\" data-e-type=\"widget\" data-widget_type=\"text-editor.default\">\n\t\t\t\t\t\t\t\t\t<p>Melina\u00a0Portela<br \/><strong>Psicologia\u00a0Cl\u00ednica e da Sa\u00fade<\/strong><br \/>8 SET. 2026 \u2022 10:30 \u2022\u00a0Sal\u00e3o Nobre<\/p>\t\t\t\t\t\t\t\t<\/div>\n\t\t\t\t<\/div>\n\t\t<div class=\"elementor-element elementor-element-52e206c e-con-full e-flex elementor-invisible e-con e-child\" data-id=\"52e206c\" data-element_type=\"container\" data-e-type=\"container\" data-settings=\"{&quot;background_background&quot;:&quot;classic&quot;,&quot;animation&quot;:&quot;fadeIn&quot;}\">\n\t\t\t\t<div class=\"elementor-element elementor-element-3187f84 elementor-position-left elementor-position-left elementor-vertical-align-middle elementor-vertical-align-middle elementor-widget__width-auto elementor-widget-tablet__width-auto elementor-widget elementor-widget-image-box\" data-id=\"3187f84\" data-element_type=\"widget\" data-e-type=\"widget\" data-widget_type=\"image-box.default\">\n\t\t\t\t\t<div class=\"elementor-image-box-wrapper\"><figure class=\"elementor-image-box-img\"><a href=\"https:\/\/www.ufp.pt\/wp-content\/uploads\/2026\/08\/Melina-Portela.pdf\" target=\"_blank\" tabindex=\"-1\"><img decoding=\"async\" width=\"100\" height=\"100\" src=\"https:\/\/www.ufp.pt\/wp-content\/uploads\/2026\/07\/icone_pdf_500px-e1784021789767.png\" class=\"attachment-full size-full wp-image-1062511\" alt=\"\" \/><\/a><\/figure><div class=\"elementor-image-box-content\"><div class=\"elementor-image-box-title\"><a href=\"https:\/\/www.ufp.pt\/wp-content\/uploads\/2026\/08\/Melina-Portela.pdf\" target=\"_blank\">CONSULTE<br>O <strong>EDITAL<\/strong><\/a><\/div><\/div><\/div>\t\t\t\t<\/div>\n\t\t\t\t<\/div>\n\t\t\t\t<\/div>\n\t\t<div class=\"elementor-element elementor-element-4b8352d e-con-full e-flex elementor-invisible e-con e-child\" data-id=\"4b8352d\" data-element_type=\"container\" data-e-type=\"container\" data-settings=\"{&quot;background_background&quot;:&quot;classic&quot;,&quot;animation&quot;:&quot;fadeIn&quot;}\">\n\t\t<div class=\"elementor-element elementor-element-13c4a3c e-con-full e-flex elementor-invisible e-con e-child\" data-id=\"13c4a3c\" data-element_type=\"container\" data-e-type=\"container\" data-settings=\"{&quot;background_background&quot;:&quot;classic&quot;,&quot;animation&quot;:&quot;fadeIn&quot;}\">\n\t\t\t\t<div class=\"elementor-element elementor-element-71df69e elementor-widget elementor-widget-text-editor\" data-id=\"71df69e\" data-element_type=\"widget\" data-e-type=\"widget\" data-widget_type=\"text-editor.default\">\n\t\t\t\t\t\t\t\t\t<p>Jody Collura<br \/><strong>Ci\u00eancias da Nutri\u00e7\u00e3o<\/strong><br \/>8 SET. 2026 \u2022 09:00 \u2022 Sala 0.1 da Faculdade de Ci\u00eancias da Sa\u00fade<\/p>\t\t\t\t\t\t\t\t<\/div>\n\t\t\t\t<\/div>\n\t\t<div class=\"elementor-element elementor-element-4029ad3 e-con-full e-flex elementor-invisible e-con e-child\" data-id=\"4029ad3\" data-element_type=\"container\" data-e-type=\"container\" data-settings=\"{&quot;background_background&quot;:&quot;classic&quot;,&quot;animation&quot;:&quot;fadeIn&quot;}\">\n\t\t\t\t<div class=\"elementor-element elementor-element-da5b0c2 elementor-position-left elementor-position-left elementor-vertical-align-middle elementor-vertical-align-middle elementor-widget__width-auto elementor-widget-tablet__width-auto elementor-widget elementor-widget-image-box\" data-id=\"da5b0c2\" data-element_type=\"widget\" data-e-type=\"widget\" data-widget_type=\"image-box.default\">\n\t\t\t\t\t<div class=\"elementor-image-box-wrapper\"><figure class=\"elementor-image-box-img\"><a href=\"https:\/\/www.ufp.pt\/wp-content\/uploads\/2026\/08\/Edital-Jody-Collura.pdf\" target=\"_blank\" tabindex=\"-1\"><img decoding=\"async\" width=\"100\" height=\"100\" src=\"https:\/\/www.ufp.pt\/wp-content\/uploads\/2026\/07\/icone_pdf_500px-e1784021789767.png\" class=\"attachment-full size-full wp-image-1062511\" alt=\"\" \/><\/a><\/figure><div class=\"elementor-image-box-content\"><div class=\"elementor-image-box-title\"><a href=\"https:\/\/www.ufp.pt\/wp-content\/uploads\/2026\/08\/Edital-Jody-Collura.pdf\" target=\"_blank\">CONSULTE<br>O <strong>EDITAL<\/strong><\/a><\/div><\/div><\/div>\t\t\t\t<\/div>\n\t\t\t\t<\/div>\n\t\t\t\t<\/div>\n\t\t<div class=\"elementor-element elementor-element-02dc752 e-con-full e-flex elementor-invisible e-con e-child\" data-id=\"02dc752\" data-element_type=\"container\" data-e-type=\"container\" data-settings=\"{&quot;background_background&quot;:&quot;classic&quot;,&quot;animation&quot;:&quot;fadeIn&quot;}\">\n\t\t<div class=\"elementor-element elementor-element-3382fca e-con-full e-flex elementor-invisible e-con e-child\" data-id=\"3382fca\" data-element_type=\"container\" data-e-type=\"container\" data-settings=\"{&quot;background_background&quot;:&quot;classic&quot;,&quot;animation&quot;:&quot;fadeIn&quot;}\">\n\t\t\t\t<div class=\"elementor-element elementor-element-b73c544 elementor-widget elementor-widget-text-editor\" data-id=\"b73c544\" data-element_type=\"widget\" data-e-type=\"widget\" data-widget_type=\"text-editor.default\">\n\t\t\t\t\t\t\t\t\t<div>Diana Catarina Peixoto Magalh\u00e3es<br \/><strong>Ci\u00eancias Farmac\u00eauticas<\/strong><br \/>7 SET. 2026 \u2022 16:00 \u2022 Sala EC 0.2 da Escola Superior de Sa\u00fade Fernando Pessoa<\/div><div>\u00a0<\/div>\t\t\t\t\t\t\t\t<\/div>\n\t\t\t\t<\/div>\n\t\t<div class=\"elementor-element elementor-element-b315864 e-con-full e-flex elementor-invisible e-con e-child\" data-id=\"b315864\" data-element_type=\"container\" data-e-type=\"container\" data-settings=\"{&quot;background_background&quot;:&quot;classic&quot;,&quot;animation&quot;:&quot;fadeIn&quot;}\">\n\t\t\t\t<div class=\"elementor-element elementor-element-df653c0 elementor-position-left elementor-position-left elementor-vertical-align-middle elementor-vertical-align-middle elementor-widget__width-auto elementor-widget-tablet__width-auto elementor-widget elementor-widget-image-box\" data-id=\"df653c0\" data-element_type=\"widget\" data-e-type=\"widget\" data-widget_type=\"image-box.default\">\n\t\t\t\t\t<div class=\"elementor-image-box-wrapper\"><figure class=\"elementor-image-box-img\"><a href=\"https:\/\/www.ufp.pt\/wp-content\/uploads\/2026\/08\/Edital-Diana-Catarina-Peixoto-Magalhaes.pdf\" target=\"_blank\" tabindex=\"-1\"><img decoding=\"async\" width=\"100\" height=\"100\" src=\"https:\/\/www.ufp.pt\/wp-content\/uploads\/2026\/07\/icone_pdf_500px-e1784021789767.png\" class=\"attachment-full size-full wp-image-1062511\" alt=\"\" \/><\/a><\/figure><div class=\"elementor-image-box-content\"><div class=\"elementor-image-box-title\"><a href=\"https:\/\/www.ufp.pt\/wp-content\/uploads\/2026\/08\/Edital-Diana-Catarina-Peixoto-Magalhaes.pdf\" target=\"_blank\">CONSULTE<br>O <strong>EDITAL<\/strong><\/a><\/div><\/div><\/div>\t\t\t\t<\/div>\n\t\t\t\t<\/div>\n\t\t\t\t<\/div>\n\t\t<div class=\"elementor-element elementor-element-3a20eb0 e-con-full e-flex elementor-invisible e-con e-child\" data-id=\"3a20eb0\" data-element_type=\"container\" data-e-type=\"container\" data-settings=\"{&quot;background_background&quot;:&quot;classic&quot;,&quot;animation&quot;:&quot;fadeIn&quot;}\">\n\t\t<div class=\"elementor-element elementor-element-02fa04c e-con-full e-flex elementor-invisible e-con e-child\" data-id=\"02fa04c\" data-element_type=\"container\" data-e-type=\"container\" data-settings=\"{&quot;background_background&quot;:&quot;classic&quot;,&quot;animation&quot;:&quot;fadeIn&quot;}\">\n\t\t\t\t<div class=\"elementor-element elementor-element-47fe48e elementor-widget elementor-widget-text-editor\" data-id=\"47fe48e\" data-element_type=\"widget\" data-e-type=\"widget\" data-widget_type=\"text-editor.default\">\n\t\t\t\t\t\t\t\t\t<div>Beatriz Filipa Bastardo Sobral<br \/><strong>Ci\u00eancias Farmac\u00eauticas<\/strong><br \/>7 SET. 2026 \u2022 14:30 \u2022 Sala<br \/>0.1 da Faculdade de Ci\u00eancias da Sa\u00fade<\/div><div>\u00a0<\/div>\t\t\t\t\t\t\t\t<\/div>\n\t\t\t\t<\/div>\n\t\t<div class=\"elementor-element elementor-element-a16d831 e-con-full e-flex elementor-invisible e-con e-child\" data-id=\"a16d831\" data-element_type=\"container\" data-e-type=\"container\" data-settings=\"{&quot;background_background&quot;:&quot;classic&quot;,&quot;animation&quot;:&quot;fadeIn&quot;}\">\n\t\t\t\t<div class=\"elementor-element elementor-element-2772ca3 elementor-position-left elementor-position-left elementor-vertical-align-middle elementor-vertical-align-middle elementor-widget__width-auto elementor-widget-tablet__width-auto elementor-widget elementor-widget-image-box\" data-id=\"2772ca3\" data-element_type=\"widget\" data-e-type=\"widget\" data-widget_type=\"image-box.default\">\n\t\t\t\t\t<div class=\"elementor-image-box-wrapper\"><figure class=\"elementor-image-box-img\"><a href=\"https:\/\/www.ufp.pt\/wp-content\/uploads\/2026\/08\/Edital-Beatriz-Filipa-Bastardo-Sobral.pdf\" target=\"_blank\" tabindex=\"-1\"><img decoding=\"async\" width=\"100\" height=\"100\" src=\"https:\/\/www.ufp.pt\/wp-content\/uploads\/2026\/07\/icone_pdf_500px-e1784021789767.png\" class=\"attachment-full size-full wp-image-1062511\" alt=\"\" \/><\/a><\/figure><div class=\"elementor-image-box-content\"><div class=\"elementor-image-box-title\"><a href=\"https:\/\/www.ufp.pt\/wp-content\/uploads\/2026\/08\/Edital-Beatriz-Filipa-Bastardo-Sobral.pdf\" target=\"_blank\">CONSULTE<br>O <strong>EDITAL<\/strong><\/a><\/div><\/div><\/div>\t\t\t\t<\/div>\n\t\t\t\t<\/div>\n\t\t\t\t<\/div>\n\t\t<div class=\"elementor-element elementor-element-2cf5258 e-con-full e-flex elementor-invisible e-con e-child\" data-id=\"2cf5258\" data-element_type=\"container\" data-e-type=\"container\" data-settings=\"{&quot;background_background&quot;:&quot;classic&quot;,&quot;animation&quot;:&quot;fadeIn&quot;}\">\n\t\t<div class=\"elementor-element elementor-element-006961e e-con-full e-flex elementor-invisible e-con e-child\" data-id=\"006961e\" data-element_type=\"container\" data-e-type=\"container\" data-settings=\"{&quot;background_background&quot;:&quot;classic&quot;,&quot;animation&quot;:&quot;fadeIn&quot;}\">\n\t\t\t\t<div class=\"elementor-element elementor-element-0bc292e elementor-widget elementor-widget-text-editor\" data-id=\"0bc292e\" data-element_type=\"widget\" data-e-type=\"widget\" data-widget_type=\"text-editor.default\">\n\t\t\t\t\t\t\t\t\t<div><div>Gard\u00eania\u00a0Coelho Veloso<\/div><\/div><div><div><strong>Criminologia<\/strong><br \/>7 SET. 2026 \u2022 11:00 \u2022\u00a0Sala Fernando Pessoa<\/div><\/div>\t\t\t\t\t\t\t\t<\/div>\n\t\t\t\t<\/div>\n\t\t<div class=\"elementor-element elementor-element-00bd2b6 e-con-full e-flex elementor-invisible e-con e-child\" data-id=\"00bd2b6\" data-element_type=\"container\" data-e-type=\"container\" data-settings=\"{&quot;background_background&quot;:&quot;classic&quot;,&quot;animation&quot;:&quot;fadeIn&quot;}\">\n\t\t\t\t<div class=\"elementor-element elementor-element-85536c8 elementor-position-left elementor-position-left elementor-vertical-align-middle elementor-vertical-align-middle elementor-widget__width-auto elementor-widget-tablet__width-auto elementor-widget elementor-widget-image-box\" data-id=\"85536c8\" data-element_type=\"widget\" data-e-type=\"widget\" data-widget_type=\"image-box.default\">\n\t\t\t\t\t<div class=\"elementor-image-box-wrapper\"><figure class=\"elementor-image-box-img\"><a href=\"https:\/\/www.ufp.pt\/wp-content\/uploads\/2026\/08\/Gardenia-Coelho-Veloso.pdf\" target=\"_blank\" tabindex=\"-1\"><img decoding=\"async\" width=\"100\" height=\"100\" src=\"https:\/\/www.ufp.pt\/wp-content\/uploads\/2026\/07\/icone_pdf_500px-e1784021789767.png\" class=\"attachment-full size-full wp-image-1062511\" alt=\"\" \/><\/a><\/figure><div class=\"elementor-image-box-content\"><div class=\"elementor-image-box-title\"><a href=\"https:\/\/www.ufp.pt\/wp-content\/uploads\/2026\/08\/Gardenia-Coelho-Veloso.pdf\" target=\"_blank\">CONSULTE<br>O <strong>EDITAL<\/strong><\/a><\/div><\/div><\/div>\t\t\t\t<\/div>\n\t\t\t\t<\/div>\n\t\t\t\t<\/div>\n\t\t<div class=\"elementor-element elementor-element-8b43ed5 e-con-full e-flex elementor-invisible e-con e-child\" data-id=\"8b43ed5\" data-element_type=\"container\" data-e-type=\"container\" data-settings=\"{&quot;background_background&quot;:&quot;classic&quot;,&quot;animation&quot;:&quot;fadeIn&quot;}\">\n\t\t<div class=\"elementor-element elementor-element-9149dbb e-con-full e-flex elementor-invisible e-con e-child\" data-id=\"9149dbb\" data-element_type=\"container\" data-e-type=\"container\" data-settings=\"{&quot;background_background&quot;:&quot;classic&quot;,&quot;animation&quot;:&quot;fadeIn&quot;}\">\n\t\t\t\t<div class=\"elementor-element elementor-element-763cafd elementor-widget elementor-widget-text-editor\" data-id=\"763cafd\" data-element_type=\"widget\" data-e-type=\"widget\" data-widget_type=\"text-editor.default\">\n\t\t\t\t\t\t\t\t\t<div><div>Tim\u00f3teo Agrela Andrade<br \/><strong>Criminologia<\/strong><br \/>7 SET. 2026 \u2022 9:30 \u2022 Sala Fernando Pessoa<\/div><\/div>\t\t\t\t\t\t\t\t<\/div>\n\t\t\t\t<\/div>\n\t\t<div class=\"elementor-element elementor-element-b9c9231 e-con-full e-flex elementor-invisible e-con e-child\" data-id=\"b9c9231\" data-element_type=\"container\" data-e-type=\"container\" data-settings=\"{&quot;background_background&quot;:&quot;classic&quot;,&quot;animation&quot;:&quot;fadeIn&quot;}\">\n\t\t\t\t<div class=\"elementor-element elementor-element-614b0cf elementor-position-left elementor-position-left elementor-vertical-align-middle elementor-vertical-align-middle elementor-widget__width-auto elementor-widget-tablet__width-auto elementor-widget elementor-widget-image-box\" data-id=\"614b0cf\" data-element_type=\"widget\" data-e-type=\"widget\" data-widget_type=\"image-box.default\">\n\t\t\t\t\t<div class=\"elementor-image-box-wrapper\"><figure class=\"elementor-image-box-img\"><a href=\"https:\/\/www.ufp.pt\/wp-content\/uploads\/2026\/09\/Timoteo-Agrela-Andrade.pdf\" target=\"_blank\" tabindex=\"-1\"><img decoding=\"async\" width=\"100\" height=\"100\" src=\"https:\/\/www.ufp.pt\/wp-content\/uploads\/2026\/07\/icone_pdf_500px-e1784021789767.png\" class=\"attachment-full size-full wp-image-1062511\" alt=\"\" \/><\/a><\/figure><div class=\"elementor-image-box-content\"><div class=\"elementor-image-box-title\"><a href=\"https:\/\/www.ufp.pt\/wp-content\/uploads\/2026\/09\/Timoteo-Agrela-Andrade.pdf\" target=\"_blank\">CONSULTE<br>O <strong>EDITAL<\/strong><\/a><\/div><\/div><\/div>\t\t\t\t<\/div>\n\t\t\t\t<\/div>\n\t\t\t\t<\/div>\n\t\t<div class=\"elementor-element elementor-element-1ad1016 e-con-full e-flex elementor-invisible e-con e-child\" data-id=\"1ad1016\" data-element_type=\"container\" data-e-type=\"container\" data-settings=\"{&quot;background_background&quot;:&quot;classic&quot;,&quot;animation&quot;:&quot;fadeIn&quot;}\">\n\t\t<div class=\"elementor-element elementor-element-66e5232 e-con-full e-flex elementor-invisible e-con e-child\" data-id=\"66e5232\" data-element_type=\"container\" data-e-type=\"container\" data-settings=\"{&quot;background_background&quot;:&quot;classic&quot;,&quot;animation&quot;:&quot;fadeIn&quot;}\">\n\t\t\t\t<div class=\"elementor-element elementor-element-5d3ce89 elementor-widget elementor-widget-text-editor\" data-id=\"5d3ce89\" data-element_type=\"widget\" data-e-type=\"widget\" data-widget_type=\"text-editor.default\">\n\t\t\t\t\t\t\t\t\t<div>Yaron Alloun<\/div><div><div><strong>Ci\u00eancias da Nutri\u00e7\u00e3o<\/strong><br \/>4 SET. 2026 \u2022 08:00 \u2022 Sala 0.1 da Faculdade de Ci\u00eancias da Sa\u00fade<\/div><\/div>\t\t\t\t\t\t\t\t<\/div>\n\t\t\t\t<\/div>\n\t\t<div class=\"elementor-element elementor-element-699ac3b e-con-full e-flex elementor-invisible e-con e-child\" data-id=\"699ac3b\" data-element_type=\"container\" data-e-type=\"container\" data-settings=\"{&quot;background_background&quot;:&quot;classic&quot;,&quot;animation&quot;:&quot;fadeIn&quot;}\">\n\t\t\t\t<div class=\"elementor-element elementor-element-ddfb765 elementor-position-left elementor-position-left elementor-vertical-align-middle elementor-vertical-align-middle elementor-widget__width-auto elementor-widget-tablet__width-auto elementor-widget elementor-widget-image-box\" data-id=\"ddfb765\" data-element_type=\"widget\" data-e-type=\"widget\" data-widget_type=\"image-box.default\">\n\t\t\t\t\t<div class=\"elementor-image-box-wrapper\"><figure class=\"elementor-image-box-img\"><a href=\"https:\/\/www.ufp.pt\/wp-content\/uploads\/2026\/08\/Edital-Yaron-Alloun.pdf\" target=\"_blank\" tabindex=\"-1\"><img decoding=\"async\" width=\"100\" height=\"100\" src=\"https:\/\/www.ufp.pt\/wp-content\/uploads\/2026\/07\/icone_pdf_500px-e1784021789767.png\" class=\"attachment-full size-full wp-image-1062511\" alt=\"\" \/><\/a><\/figure><div class=\"elementor-image-box-content\"><div class=\"elementor-image-box-title\"><a href=\"https:\/\/www.ufp.pt\/wp-content\/uploads\/2026\/08\/Edital-Yaron-Alloun.pdf\" target=\"_blank\">CONSULTE<br>O <strong>EDITAL<\/strong><\/a><\/div><\/div><\/div>\t\t\t\t<\/div>\n\t\t\t\t<\/div>\n\t\t\t\t<\/div>\n\t\t<div class=\"elementor-element elementor-element-09da7b6 e-con-full e-flex elementor-invisible e-con e-child\" data-id=\"09da7b6\" data-element_type=\"container\" data-e-type=\"container\" data-settings=\"{&quot;background_background&quot;:&quot;classic&quot;,&quot;animation&quot;:&quot;fadeIn&quot;}\">\n\t\t<div class=\"elementor-element elementor-element-23a5e16 e-con-full e-flex elementor-invisible e-con e-child\" data-id=\"23a5e16\" data-element_type=\"container\" data-e-type=\"container\" data-settings=\"{&quot;background_background&quot;:&quot;classic&quot;,&quot;animation&quot;:&quot;fadeIn&quot;}\">\n\t\t\t\t<div class=\"elementor-element elementor-element-e98dc5e elementor-widget elementor-widget-text-editor\" data-id=\"e98dc5e\" data-element_type=\"widget\" data-e-type=\"widget\" data-widget_type=\"text-editor.default\">\n\t\t\t\t\t\t\t\t\t<div>Omid Farsi<\/div><div><div><strong>Medicina Dent\u00e1ria<\/strong><br \/>2 SET. 2026 \u2022 08:00 \u2022 Sala 0.1 da Faculdade de Ci\u00eancias da Sa\u00fade<\/div><\/div>\t\t\t\t\t\t\t\t<\/div>\n\t\t\t\t<\/div>\n\t\t<div class=\"elementor-element elementor-element-008fe64 e-con-full e-flex elementor-invisible e-con e-child\" data-id=\"008fe64\" data-element_type=\"container\" data-e-type=\"container\" data-settings=\"{&quot;background_background&quot;:&quot;classic&quot;,&quot;animation&quot;:&quot;fadeIn&quot;}\">\n\t\t\t\t<div class=\"elementor-element elementor-element-244a3a9 elementor-position-left elementor-position-left elementor-vertical-align-middle elementor-vertical-align-middle elementor-widget__width-auto elementor-widget-tablet__width-auto elementor-widget elementor-widget-image-box\" data-id=\"244a3a9\" data-element_type=\"widget\" data-e-type=\"widget\" data-widget_type=\"image-box.default\">\n\t\t\t\t\t<div class=\"elementor-image-box-wrapper\"><figure class=\"elementor-image-box-img\"><a href=\"https:\/\/www.ufp.pt\/wp-content\/uploads\/2026\/08\/Edital-Omid-Farsi.pdf\" target=\"_blank\" tabindex=\"-1\"><img decoding=\"async\" width=\"100\" height=\"100\" src=\"https:\/\/www.ufp.pt\/wp-content\/uploads\/2026\/07\/icone_pdf_500px-e1784021789767.png\" class=\"attachment-full size-full wp-image-1062511\" alt=\"\" \/><\/a><\/figure><div class=\"elementor-image-box-content\"><div class=\"elementor-image-box-title\"><a href=\"https:\/\/www.ufp.pt\/wp-content\/uploads\/2026\/08\/Edital-Omid-Farsi.pdf\" target=\"_blank\">CONSULTE<br>O <strong>EDITAL<\/strong><\/a><\/div><\/div><\/div>\t\t\t\t<\/div>\n\t\t\t\t<\/div>\n\t\t\t\t<\/div>\n\t\t\t\t<\/div>\n\t\t\t\t\t<\/div>\n\t\t\t\t<\/div>\n\t\t\t\t<\/div>\n\t\t","protected":false},"excerpt":{"rendered":"<p>DEFESAS DE DISSERTA\u00c7\u00c3O DE MESTRADO Jos\u00e9 Ribamar de Lima J\u00faniorCi\u00eancias da Educa\u00e7\u00e3o: Educa\u00e7\u00e3o Inclusiva (Dom\u00ednio Cognitivo e Motor)28 SET. 2026 \u2022 15:00 \u2022\u00a0Sala Fernando Pessoa\u00a0 CONSULTEO EDITAL Lorena\u00a0Sab\u00e1 Fonseca DomingosCi\u00eancias da Educa\u00e7\u00e3o: Educa\u00e7\u00e3o Inclusiva (Dom\u00ednio Cognitivo e Motor)28 SET. 2026 \u2022 14:00 \u2022\u00a0Sala Fernando Pessoa\u00a0 CONSULTEO EDITAL Jo\u00e3o Francisco Martinho PeixotoMedicina Dent\u00e1ria9 SET. 2026 \u2022 [&hellip;]<\/p>\n","protected":false},"author":2,"featured_media":0,"parent":0,"menu_order":0,"comment_status":"closed","ping_status":"closed","template":"","meta":{"footnotes":""},"class_list":["post-1063871","page","type-page","status-publish","hentry"],"yoast_head":"<!-- This site is optimized with the Yoast SEO plugin v28.3 - https:\/\/yoast.com\/product\/yoast-seo-wordpress\/ -->\n<title>Defesas de disserta\u00e7\u00e3o de mestrado - Universidade Fernando Pessoa<\/title>\n<meta name=\"robots\" content=\"index, follow, max-snippet:-1, max-image-preview:large, max-video-preview:-1\" \/>\n<link rel=\"canonical\" href=\"https:\/\/www.ufp.pt\/en\/masters-dissertation-defenses\/\" \/>\n<meta property=\"og:locale\" content=\"en_GB\" \/>\n<meta property=\"og:type\" content=\"article\" \/>\n<meta property=\"og:title\" content=\"Defesas de disserta\u00e7\u00e3o de mestrado - Universidade Fernando Pessoa\" \/>\n<meta property=\"og:description\" content=\"DEFESAS DE DISSERTA\u00c7\u00c3O DE MESTRADO Jos\u00e9 Ribamar de Lima J\u00faniorCi\u00eancias da Educa\u00e7\u00e3o: Educa\u00e7\u00e3o Inclusiva (Dom\u00ednio Cognitivo e Motor)28 SET. 2026 \u2022 15:00 \u2022\u00a0Sala Fernando Pessoa\u00a0 CONSULTEO EDITAL Lorena\u00a0Sab\u00e1 Fonseca DomingosCi\u00eancias da Educa\u00e7\u00e3o: Educa\u00e7\u00e3o Inclusiva (Dom\u00ednio Cognitivo e Motor)28 SET. 2026 \u2022 14:00 \u2022\u00a0Sala Fernando Pessoa\u00a0 CONSULTEO EDITAL Jo\u00e3o Francisco Martinho PeixotoMedicina Dent\u00e1ria9 SET. 2026 \u2022 [&hellip;]\" \/>\n<meta property=\"og:url\" content=\"https:\/\/www.ufp.pt\/en\/masters-dissertation-defenses\/\" \/>\n<meta property=\"og:site_name\" content=\"Universidade Fernando Pessoa\" \/>\n<meta property=\"article:publisher\" content=\"http:\/\/facebook.com\/universidadefernandopessoa\" \/>\n<meta property=\"article:modified_time\" content=\"2026-09-02T14:08:19+00:00\" \/>\n<meta property=\"og:image\" content=\"https:\/\/www.ufp.pt\/wp-content\/uploads\/2026\/07\/icone_pdf_500px-e1784021789767.png\" \/>\n\t<meta property=\"og:image:width\" content=\"100\" \/>\n\t<meta property=\"og:image:height\" content=\"100\" \/>\n\t<meta property=\"og:image:type\" content=\"image\/png\" \/>\n<meta name=\"twitter:card\" content=\"summary_large_image\" \/>\n<meta name=\"twitter:label1\" content=\"Est. reading time\" \/>\n\t<meta name=\"twitter:data1\" content=\"5 minutes\" \/>\n<script type=\"application\/ld+json\" class=\"yoast-schema-graph\">{\"@context\":\"https:\\\/\\\/schema.org\",\"@graph\":[{\"@type\":\"WebPage\",\"@id\":\"https:\\\/\\\/www.ufp.pt\\\/defesas-de-dissertacao-de-mestrado\\\/\",\"url\":\"https:\\\/\\\/www.ufp.pt\\\/defesas-de-dissertacao-de-mestrado\\\/\",\"name\":\"Defesas de disserta\u00e7\u00e3o de mestrado - Universidade Fernando Pessoa\",\"isPartOf\":{\"@id\":\"http:\\\/\\\/new.ufp.pt\\\/#website\"},\"primaryImageOfPage\":{\"@id\":\"https:\\\/\\\/www.ufp.pt\\\/defesas-de-dissertacao-de-mestrado\\\/#primaryimage\"},\"image\":{\"@id\":\"https:\\\/\\\/www.ufp.pt\\\/defesas-de-dissertacao-de-mestrado\\\/#primaryimage\"},\"thumbnailUrl\":\"https:\\\/\\\/www.ufp.pt\\\/wp-content\\\/uploads\\\/2026\\\/07\\\/icone_pdf_500px-e1784021789767.png\",\"datePublished\":\"2026-07-23T14:14:03+00:00\",\"dateModified\":\"2026-09-02T14:08:19+00:00\",\"breadcrumb\":{\"@id\":\"https:\\\/\\\/www.ufp.pt\\\/defesas-de-dissertacao-de-mestrado\\\/#breadcrumb\"},\"inLanguage\":\"en-GB\",\"potentialAction\":[{\"@type\":\"ReadAction\",\"target\":[\"https:\\\/\\\/www.ufp.pt\\\/defesas-de-dissertacao-de-mestrado\\\/\"]}]},{\"@type\":\"ImageObject\",\"inLanguage\":\"en-GB\",\"@id\":\"https:\\\/\\\/www.ufp.pt\\\/defesas-de-dissertacao-de-mestrado\\\/#primaryimage\",\"url\":\"https:\\\/\\\/www.ufp.pt\\\/wp-content\\\/uploads\\\/2026\\\/07\\\/icone_pdf_500px-e1784021789767.png\",\"contentUrl\":\"https:\\\/\\\/www.ufp.pt\\\/wp-content\\\/uploads\\\/2026\\\/07\\\/icone_pdf_500px-e1784021789767.png\"},{\"@type\":\"BreadcrumbList\",\"@id\":\"https:\\\/\\\/www.ufp.pt\\\/defesas-de-dissertacao-de-mestrado\\\/#breadcrumb\",\"itemListElement\":[{\"@type\":\"ListItem\",\"position\":1,\"name\":\"UFP\",\"item\":\"https:\\\/\\\/www.ufp.pt\\\/\"},{\"@type\":\"ListItem\",\"position\":2,\"name\":\"Defesas de disserta\u00e7\u00e3o de mestrado\"}]},{\"@type\":\"WebSite\",\"@id\":\"http:\\\/\\\/new.ufp.pt\\\/#website\",\"url\":\"http:\\\/\\\/new.ufp.pt\\\/\",\"name\":\"Universidade Fernando Pessoa\",\"description\":\"\",\"publisher\":{\"@id\":\"http:\\\/\\\/new.ufp.pt\\\/#organization\"},\"potentialAction\":[{\"@type\":\"SearchAction\",\"target\":{\"@type\":\"EntryPoint\",\"urlTemplate\":\"http:\\\/\\\/new.ufp.pt\\\/?s={search_term_string}\"},\"query-input\":{\"@type\":\"PropertyValueSpecification\",\"valueRequired\":true,\"valueName\":\"search_term_string\"}}],\"inLanguage\":\"en-GB\"},{\"@type\":\"Organization\",\"@id\":\"http:\\\/\\\/new.ufp.pt\\\/#organization\",\"name\":\"Universidade Fernando Pessoa\",\"alternateName\":\"UFP\",\"url\":\"http:\\\/\\\/new.ufp.pt\\\/\",\"logo\":{\"@type\":\"ImageObject\",\"inLanguage\":\"en-GB\",\"@id\":\"http:\\\/\\\/new.ufp.pt\\\/#\\\/schema\\\/logo\\\/image\\\/\",\"url\":\"https:\\\/\\\/www.ufp.pt\\\/wp-content\\\/uploads\\\/2025\\\/11\\\/02logo_ufp_site.svg\",\"contentUrl\":\"https:\\\/\\\/www.ufp.pt\\\/wp-content\\\/uploads\\\/2025\\\/11\\\/02logo_ufp_site.svg\",\"width\":1280,\"height\":1280,\"caption\":\"Universidade Fernando Pessoa\"},\"image\":{\"@id\":\"http:\\\/\\\/new.ufp.pt\\\/#\\\/schema\\\/logo\\\/image\\\/\"},\"sameAs\":[\"http:\\\/\\\/facebook.com\\\/universidadefernandopessoa\",\"https:\\\/\\\/www.instagram.com\\\/universidadefernandopessoa\\\/\",\"https:\\\/\\\/www.youtube.com\\\/channel\\\/UCgDBeiAe6LpnSzEQj6-TssA\",\"https:\\\/\\\/pt.linkedin.com\\\/school\\\/universidade-fernando-pessoa\\\/\"]}]}<\/script>\n<!-- \/ Yoast SEO plugin. -->","yoast_head_json":{"title":"Master's thesis defences - Fernando Pessoa University","robots":{"index":"index","follow":"follow","max-snippet":"max-snippet:-1","max-image-preview":"max-image-preview:large","max-video-preview":"max-video-preview:-1"},"canonical":"https:\/\/www.ufp.pt\/en\/masters-dissertation-defenses\/","og_locale":"en_GB","og_type":"article","og_title":"Defesas de disserta\u00e7\u00e3o de mestrado - Universidade Fernando Pessoa","og_description":"DEFESAS DE DISSERTA\u00c7\u00c3O DE MESTRADO Jos\u00e9 Ribamar de Lima J\u00faniorCi\u00eancias da Educa\u00e7\u00e3o: Educa\u00e7\u00e3o Inclusiva (Dom\u00ednio Cognitivo e Motor)28 SET. 2026 \u2022 15:00 \u2022\u00a0Sala Fernando Pessoa\u00a0 CONSULTEO EDITAL Lorena\u00a0Sab\u00e1 Fonseca DomingosCi\u00eancias da Educa\u00e7\u00e3o: Educa\u00e7\u00e3o Inclusiva (Dom\u00ednio Cognitivo e Motor)28 SET. 2026 \u2022 14:00 \u2022\u00a0Sala Fernando Pessoa\u00a0 CONSULTEO EDITAL Jo\u00e3o Francisco Martinho PeixotoMedicina Dent\u00e1ria9 SET. 2026 \u2022 [&hellip;]","og_url":"https:\/\/www.ufp.pt\/en\/masters-dissertation-defenses\/","og_site_name":"Universidade Fernando Pessoa","article_publisher":"http:\/\/facebook.com\/universidadefernandopessoa","article_modified_time":"2026-09-02T14:08:19+00:00","og_image":[{"width":100,"height":100,"url":"https:\/\/www.ufp.pt\/wp-content\/uploads\/2026\/07\/icone_pdf_500px-e1784021789767.png","type":"image\/png"}],"twitter_card":"summary_large_image","twitter_misc":{"Est. reading time":"5 minutes"},"schema":{"@context":"https:\/\/schema.org","@graph":[{"@type":"WebPage","@id":"https:\/\/www.ufp.pt\/defesas-de-dissertacao-de-mestrado\/","url":"https:\/\/www.ufp.pt\/defesas-de-dissertacao-de-mestrado\/","name":"Master's thesis defences - Fernando Pessoa University","isPartOf":{"@id":"http:\/\/new.ufp.pt\/#website"},"primaryImageOfPage":{"@id":"https:\/\/www.ufp.pt\/defesas-de-dissertacao-de-mestrado\/#primaryimage"},"image":{"@id":"https:\/\/www.ufp.pt\/defesas-de-dissertacao-de-mestrado\/#primaryimage"},"thumbnailUrl":"https:\/\/www.ufp.pt\/wp-content\/uploads\/2026\/07\/icone_pdf_500px-e1784021789767.png","datePublished":"2026-07-23T14:14:03+00:00","dateModified":"2026-09-02T14:08:19+00:00","breadcrumb":{"@id":"https:\/\/www.ufp.pt\/defesas-de-dissertacao-de-mestrado\/#breadcrumb"},"inLanguage":"en-GB","potentialAction":[{"@type":"ReadAction","target":["https:\/\/www.ufp.pt\/defesas-de-dissertacao-de-mestrado\/"]}]},{"@type":"ImageObject","inLanguage":"en-GB","@id":"https:\/\/www.ufp.pt\/defesas-de-dissertacao-de-mestrado\/#primaryimage","url":"https:\/\/www.ufp.pt\/wp-content\/uploads\/2026\/07\/icone_pdf_500px-e1784021789767.png","contentUrl":"https:\/\/www.ufp.pt\/wp-content\/uploads\/2026\/07\/icone_pdf_500px-e1784021789767.png"},{"@type":"BreadcrumbList","@id":"https:\/\/www.ufp.pt\/defesas-de-dissertacao-de-mestrado\/#breadcrumb","itemListElement":[{"@type":"ListItem","position":1,"name":"UFP","item":"https:\/\/www.ufp.pt\/"},{"@type":"ListItem","position":2,"name":"Defesas de disserta\u00e7\u00e3o de mestrado"}]},{"@type":"WebSite","@id":"http:\/\/new.ufp.pt\/#website","url":"http:\/\/new.ufp.pt\/","name":"Fernando Pessoa University","description":"","publisher":{"@id":"http:\/\/new.ufp.pt\/#organization"},"potentialAction":[{"@type":"SearchAction","target":{"@type":"EntryPoint","urlTemplate":"http:\/\/new.ufp.pt\/?s={search_term_string}"},"query-input":{"@type":"PropertyValueSpecification","valueRequired":true,"valueName":"search_term_string"}}],"inLanguage":"en-GB"},{"@type":"Organization","@id":"http:\/\/new.ufp.pt\/#organization","name":"Fernando Pessoa University","alternateName":"UFP","url":"http:\/\/new.ufp.pt\/","logo":{"@type":"ImageObject","inLanguage":"en-GB","@id":"http:\/\/new.ufp.pt\/#\/schema\/logo\/image\/","url":"https:\/\/www.ufp.pt\/wp-content\/uploads\/2025\/11\/02logo_ufp_site.svg","contentUrl":"https:\/\/www.ufp.pt\/wp-content\/uploads\/2025\/11\/02logo_ufp_site.svg","width":1280,"height":1280,"caption":"Universidade Fernando Pessoa"},"image":{"@id":"http:\/\/new.ufp.pt\/#\/schema\/logo\/image\/"},"sameAs":["http:\/\/facebook.com\/universidadefernandopessoa","https:\/\/www.instagram.com\/universidadefernandopessoa\/","https:\/\/www.youtube.com\/channel\/UCgDBeiAe6LpnSzEQj6-TssA","https:\/\/pt.linkedin.com\/school\/universidade-fernando-pessoa\/"]}]}},"_links":{"self":[{"href":"https:\/\/www.ufp.pt\/en\/wp-json\/wp\/v2\/pages\/1063871","targetHints":{"allow":["GET"]}}],"collection":[{"href":"https:\/\/www.ufp.pt\/en\/wp-json\/wp\/v2\/pages"}],"about":[{"href":"https:\/\/www.ufp.pt\/en\/wp-json\/wp\/v2\/types\/page"}],"author":[{"embeddable":true,"href":"https:\/\/www.ufp.pt\/en\/wp-json\/wp\/v2\/users\/2"}],"replies":[{"embeddable":true,"href":"https:\/\/www.ufp.pt\/en\/wp-json\/wp\/v2\/comments?post=1063871"}],"version-history":[{"count":85,"href":"https:\/\/www.ufp.pt\/en\/wp-json\/wp\/v2\/pages\/1063871\/revisions"}],"predecessor-version":[{"id":1068730,"href":"https:\/\/www.ufp.pt\/en\/wp-json\/wp\/v2\/pages\/1063871\/revisions\/1068730"}],"wp:attachment":[{"href":"https:\/\/www.ufp.pt\/en\/wp-json\/wp\/v2\/media?parent=1063871"}],"curies":[{"name":"wp","href":"https:\/\/api.w.org\/{rel}","templated":true}]}}